{"id":29283,"date":"2025-09-18T09:00:38","date_gmt":"2025-09-18T09:00:38","guid":{"rendered":"https:\/\/estades.com\/?page_id=29283"},"modified":"2025-11-13T10:24:24","modified_gmt":"2025-11-13T10:24:24","slug":"home2","status":"publish","type":"page","link":"https:\/\/www.estades.com\/en\/home2\/","title":{"rendered":"Home2"},"content":{"rendered":"\n<div class=\"wp-block-group has-global-padding is-layout-constrained wp-container-core-group-is-layout-63d3990d wp-block-group-is-layout-constrained\" style=\"padding-top:3%;padding-right:0px;padding-bottom:3%;padding-left:0px\">\n<div class=\"wp-block-gutenberg-custom5-medialab-slider owl-carousel text-carousel owl-theme exposition\" owl-items=\"1\" owl-hover=\"none\" owl-center=\"false\" owl-loop=\"false\"><div class=\"item\"><div style=\"position:absolute;top:40%;left:35%\" class=\"content-slide\"><div class=\"content-slide-title\">Bernard Buffet <br \/>\nPar Michel Estades<\/div><div class=\"content-slide-text\"><p class=\"localisation\">D\u00e9couvrez l\u2019\u2019artiste phare de la Galerie<\/p><\/div><\/div><img decoding=\"async\" src=\"https:\/\/estades.com\/wp-content\/uploads\/2025\/09\/slider1.jpg\"\/><\/div><div class=\"item\"><div style=\"position:absolute;top:40%;left:35%\" class=\"content-slide\"><div class=\"content-slide-title\">Exposition d\u2019\u00e9t\u00e9 <br \/>\nParis<\/div><div class=\"content-slide-text\"><p class=\"localisation\">Du 28 juin au 14 septembre<\/p><\/div><\/div><img decoding=\"async\" src=\"https:\/\/estades.com\/wp-content\/uploads\/2025\/09\/slider2-2.jpg\"\/><\/div><div class=\"item\"><div style=\"position:absolute;top:40%;left:35%\" class=\"content-slide\"><div class=\"content-slide-title\">Claude VENART <br \/>\nExposition virtuelle<\/div><div class=\"content-slide-text\"><p class=\"localisation\">Du 13 aout au 28 septembre <\/p><\/div><\/div><img decoding=\"async\" src=\"https:\/\/estades.com\/wp-content\/uploads\/2025\/09\/slider3.jpg\"\/><\/div><\/div>\n<\/div>\n\n\n\n<div class=\"wp-block-group has-global-padding is-layout-constrained wp-block-group-is-layout-constrained\">\n<div class=\"wp-block-columns are-vertically-aligned-center bloc22 espacementTB1 is-layout-flex wp-container-core-columns-is-layout-4bef1115 wp-block-columns-is-layout-flex\" style=\"border-top-color:#b3a16f;border-top-width:2px;border-bottom-color:#b3a16f;border-bottom-width:2px;padding-top:3%;padding-right:0px;padding-bottom:3%;padding-left:0px\">\n<div class=\"wp-block-column is-vertically-aligned-center is-layout-flow wp-block-column-is-layout-flow\" style=\"flex-basis:15%\">\n<figure class=\"wp-block-image size-full\"><img decoding=\"async\" src=\"https:\/\/estades.com\/wp-content\/uploads\/2025\/09\/gme-logo-30-ans-2.jpg\" alt=\"\" class=\"wp-image-29107\"\/><\/figure>\n<\/div>\n\n\n\n<div class=\"wp-block-column is-vertically-aligned-center is-layout-flow wp-block-column-is-layout-flow\">\n<p class=\"modifmobilep\" style=\"font-size:28px;line-height:1.6\">Depuis plus de 30 ans, Michel Estades est marchand d\u2019art et expert en Ma\u00eetres modernes et en Art figuratif contemporain, des ann\u00e9es 1950 \u00e0 nos jours.<\/p>\n<\/div>\n<\/div>\n<\/div>\n\n\n\n<div class=\"wp-block-group has-global-padding is-layout-constrained wp-block-group-is-layout-constrained\" style=\"margin-top:0px;margin-bottom:0px;padding-top:0px;padding-bottom:0px\">\n<div class=\"wp-block-group bloc33 espacementTB1 has-global-padding is-layout-constrained wp-block-group-is-layout-constrained\" style=\"border-bottom-color:#eeeeee;border-bottom-width:1px;padding-top:3%;padding-bottom:3%\">\n<div class=\"wp-block-columns are-vertically-aligned-center is-layout-flex wp-container-core-columns-is-layout-658170e2 wp-block-columns-is-layout-flex\">\n<div class=\"wp-block-column is-vertically-aligned-center part-text is-layout-flow wp-block-column-is-layout-flow\">\n<h1 class=\"wp-block-heading has-text-color has-link-color wp-elements-1485a9c12d3de7c0e63c5f18f87dda9e\" style=\"color:#25282e;font-size:45px\">Michel Estades, <br>le sp\u00e9cialiste des \u0153uvres de <br>Bernard BUFFET<\/h1>\n\n\n\n<p class=\"has-text-color has-link-color wp-elements-50b104561dc53e82421d88b6ff535322\" style=\"color:#777777;font-size:18px;line-height:1.6\">La Galerie Estades est sp\u00e9cialiste de l\u2019\u0153uvre de Bernard Buffet depuis l\u2019an 2000. Sont pr\u00e9sent\u00e9es en permanence une s\u00e9lection d\u2019huiles sur toile des diff\u00e9rentes p\u00e9riodes de l\u2019artiste, ainsi que des techniques mixtes, des aquarelles, des encres, des gravures et des lithographies originales.<\/p>\n\n\n\n<p><a href=\"\/bernard-buffet\/\" class=\"becBB\">&gt; D\u00e9couvrir Bernard BUFFET<\/a><\/p>\n\n\n\n<div class=\"wp-block-columns is-layout-flex wp-container-core-columns-is-layout-28f84493 wp-block-columns-is-layout-flex\">\n<div class=\"wp-block-column is-layout-flow wp-block-column-is-layout-flow\" style=\"flex-basis:50%\">\n<div class=\"wp-block-buttons btartistes is-horizontal is-content-justification-left is-layout-flex wp-container-core-buttons-is-layout-e25f4011 wp-block-buttons-is-layout-flex\" style=\"border-radius:0px;padding-top:3%;padding-bottom:3%\">\n<div class=\"wp-block-button is-style-outline is-style-outline--1\"><a class=\"wp-block-button__link has-border-color has-custom-font-size wp-element-button\" style=\"border-color:#cdcdcd;border-width:1px;border-radius:0px;padding-top:13px;padding-right:25px;padding-bottom:13px;padding-left:25px;font-size:17px\">Acheter une oeuvre de B.Buffet<\/a><\/div>\n<\/div>\n<\/div>\n\n\n\n<div class=\"wp-block-column is-layout-flow wp-block-column-is-layout-flow\">\n<div class=\"wp-block-buttons btartistes is-content-justification-left is-layout-flex wp-container-core-buttons-is-layout-c688cc17 wp-block-buttons-is-layout-flex\" style=\"border-radius:0px;padding-top:3%;padding-bottom:3%\">\n<div class=\"wp-block-button is-style-outline is-style-outline--2\"><a class=\"wp-block-button__link has-border-color has-custom-font-size wp-element-button\" style=\"border-color:#cdcdcd;border-width:1px;border-radius:0px;padding-top:13px;padding-right:25px;padding-bottom:13px;padding-left:25px;font-size:17px\">Vendre une oeuvre de B.Buffet<\/a><\/div>\n<\/div>\n<\/div>\n<\/div>\n<\/div>\n\n\n\n<div class=\"wp-block-column is-vertically-aligned-center left-part1 is-layout-flow wp-block-column-is-layout-flow\">\n<figure class=\"wp-block-image aligncenter size-full\"><img decoding=\"async\" src=\"https:\/\/estades.com\/wp-content\/uploads\/2025\/09\/BUFFET-Bernard-La-gare-lithographie-58-x-76-cm.jpg\" alt=\"\" class=\"wp-image-29137\"\/><\/figure>\n<\/div>\n<\/div>\n<\/div>\n<\/div>\n\n\n\n<div class=\"wp-block-group has-global-padding is-layout-constrained wp-block-group-is-layout-constrained\" style=\"margin-top:0px;margin-bottom:0px;padding-top:0px;padding-bottom:0px\">\n<div class=\"wp-block-group bloc44 espacementTB1 has-global-padding is-layout-constrained wp-block-group-is-layout-constrained\" style=\"border-bottom-color:#eeeeee;border-bottom-width:1px;padding-top:90px;padding-bottom:90px\">\n<p class=\"has-text-align-center art-oeuvtitre has-text-color has-link-color wp-elements-d6415f52d0779140dfd73bcb5e686ef4\" style=\"color:#999999;padding-bottom:29px;font-size:16px;text-transform:uppercase\">DES ARTISTES ET DES OEUVRES<\/p>\n\n\n\n<h2 class=\"wp-block-heading has-text-align-center has-text-color has-link-color wp-elements-af9bd631411b30c2681a1fb698035b68\" style=\"color:#25282e;margin-top:0px;margin-bottom:0px;padding-bottom:53px;font-size:40px\">Mise en lumi\u00e8re sur :<\/h2>\n\n\n\n<div class=\"wp-block-columns lumierebloc is-layout-flex wp-container-core-columns-is-layout-89348574 wp-block-columns-is-layout-flex\" style=\"margin-top:0px;margin-bottom:0px\">\n<div class=\"wp-block-column is-layout-flow wp-block-column-is-layout-flow\">\n<div class=\"wp-block-group elibottom is-layout-flow wp-block-group-is-layout-flow\" style=\"padding-bottom:55px\">\n<figure class=\"wp-block-image size-full photo-artiste1\"><a href=\"\/artiste\/pierre-ambrogiani\/\"><img decoding=\"async\" src=\"https:\/\/estades.com\/wp-content\/uploads\/2025\/09\/AMBROGIANI-Pierre-Paysage-pres-dAurel-Gouache-sur-papier-Gouache-on-paper-gouache-auf-papier-48-x-65-cm.jpg\" alt=\"\" class=\"wp-image-29346\"\/><\/a><\/figure>\n\n\n\n<h3 class=\"wp-block-heading has-text-color has-link-color wp-elements-f9be6dfe020a1da4c928b9335d0cf66f\" style=\"color:#25282e;font-size:18px\">Paysage pr\u00e8s d\u2019Aurel \u2013 Gouache sur papier<\/h3>\n\n\n\n<p class=\"has-text-color has-link-color wp-elements-8dbec6a8405ec7456be268ed08fcb730\" style=\"color:#777777;margin-top:5px;font-size:17px\">Pierre AMBROGIANI<\/p>\n<\/div>\n\n\n\n<div class=\"wp-block-group elibottom is-layout-flow wp-block-group-is-layout-flow\" style=\"margin-top:0px;margin-bottom:0px\">\n<figure class=\"wp-block-image size-full photo-artiste1\"><a href=\"\/artiste\/jean-pierre-maltese\/\"><img decoding=\"async\" src=\"https:\/\/estades.com\/wp-content\/uploads\/2025\/09\/MALTESE-Jean-Pierre-Maison-blanche-sur-fond-rouge-92-x-65-cm-727x1024-1.jpg\" alt=\"\" class=\"wp-image-29352\"\/><\/a><\/figure>\n\n\n\n<h3 class=\"wp-block-heading has-text-color has-link-color wp-elements-9681fd8c0ea6c5e48e785469486a24d9\" style=\"color:#25282e;font-size:18px\">Maison blanche sur fond rouge \u2013 Huile sur toile<\/h3>\n\n\n\n<p class=\"has-text-color has-link-color wp-elements-ae2c245d68ec3d69e76392c9a6d34e5e\" style=\"color:#777777;margin-top:5px;font-size:17px\">Jean-Pierre MALTESE<\/p>\n<\/div>\n<\/div>\n\n\n\n<div class=\"wp-block-column is-layout-flow wp-block-column-is-layout-flow\">\n<div class=\"wp-block-group elibottom is-layout-flow wp-block-group-is-layout-flow\" style=\"padding-bottom:55px\">\n<figure class=\"wp-block-image size-full photo-artiste1\"><a href=\"\/artiste\/michel-bassompierre\/\"><img decoding=\"async\" src=\"https:\/\/estades.com\/wp-content\/uploads\/2025\/09\/BASSOMPIERRE-Michel-Les-Abeilles-n\u00b01-bronze-42-x-38-x-40-cm-796x1024-1.jpg\" alt=\"\" class=\"wp-image-29358\"\/><\/a><\/figure>\n\n\n\n<h3 class=\"wp-block-heading has-text-color has-link-color wp-elements-221c8e3fcf67d16919b0ca7356f682c1\" style=\"color:#25282e;font-size:18px\">Les abeilles n\u00b01 &#8211; Bronze<\/h3>\n\n\n\n<p class=\"has-text-color has-link-color wp-elements-6be59461ae0e596e57ae99cdceffeac7\" style=\"color:#777777;margin-top:5px;font-size:17px\">Michel BASSOMPIERRE<\/p>\n<\/div>\n\n\n\n<div class=\"wp-block-group elibottom is-layout-flow wp-block-group-is-layout-flow\" style=\"margin-top:0px;margin-bottom:0px\">\n<figure class=\"wp-block-image size-full photo-artiste1\"><a href=\"\/artiste\/sylvie-derely\/\"><img decoding=\"async\" src=\"https:\/\/estades.com\/wp-content\/uploads\/2025\/09\/Derely-Premier-baiser.jpg\" alt=\"\" class=\"wp-image-29360\"\/><\/a><\/figure>\n\n\n\n<h3 class=\"wp-block-heading has-text-color has-link-color wp-elements-2cc977530d2d55d317f4eae39eb1301e\" style=\"color:#25282e;font-size:18px\">Premier baiser &#8211; Bronze<\/h3>\n\n\n\n<p class=\"has-text-color has-link-color wp-elements-e93817a19d5819932fe2c1e0fd986d36\" style=\"color:#777777;margin-top:5px;font-size:17px\">Sylvie DERELY<\/p>\n<\/div>\n<\/div>\n\n\n\n<div class=\"wp-block-column is-layout-flow wp-block-column-is-layout-flow\">\n<div class=\"wp-block-group elibottom is-layout-flow wp-block-group-is-layout-flow\" style=\"padding-bottom:55px\">\n<figure class=\"wp-block-image size-full photo-artiste1\"><a href=\"\/artiste\/jean-fusaro\/\"><img decoding=\"async\" src=\"https:\/\/estades.com\/wp-content\/uploads\/2025\/09\/jean-fusaro-toulouse-sous-la-pluie-6790ca17ad2b8-1024x762-1.jpg\" alt=\"\" class=\"wp-image-29362\"\/><\/a><\/figure>\n\n\n\n<h3 class=\"wp-block-heading has-text-color has-link-color wp-elements-d87303f1cb6517a5848987245a20a3cd\" style=\"color:#25282e;font-size:18px\">Toulouse sous la pluie \u2013 Huile sur toile<\/h3>\n\n\n\n<p class=\"has-text-color has-link-color wp-elements-631de7883adaf46ffd03645377765c73\" style=\"color:#777777;margin-top:5px;font-size:17px\">Jean FUSARO<\/p>\n<\/div>\n\n\n\n<div class=\"wp-block-group is-layout-flow wp-block-group-is-layout-flow\" style=\"margin-top:0px;margin-bottom:0px\">\n<figure class=\"wp-block-image size-full photo-artiste1\"><a href=\"\/artiste\/christophe-jehan\/\"><img decoding=\"async\" src=\"https:\/\/estades.com\/wp-content\/uploads\/2025\/09\/Christophe-Jehan-Meilleurs-copines-acrylique-et-resine-sur-acier-PU-100x66cm-751x1024-1.jpg\" alt=\"\" class=\"wp-image-29365\"\/><\/a><\/figure>\n\n\n\n<h3 class=\"wp-block-heading has-text-color has-link-color wp-elements-489f358e15f48e9c265e2904588d0bfe\" style=\"color:#25282e;font-size:18px\">Meilleures copines &#8211; Acrylique sur acier et r\u00e9sine<\/h3>\n\n\n\n<p class=\"has-text-color has-link-color wp-elements-2208643a849626b09ab4bd06dcef38f0\" style=\"color:#777777;margin-top:5px;font-size:17px\">Christophe JEHAN<\/p>\n<\/div>\n<\/div>\n<\/div>\n<\/div>\n<\/div>\n\n\n\n<div class=\"wp-block-group bloc44 espacementTB has-global-padding is-layout-constrained wp-block-group-is-layout-constrained\" style=\"padding-top:90px;padding-bottom:90px\">\n<div class=\"wp-block-columns are-vertically-aligned-center is-layout-flex wp-container-core-columns-is-layout-d0170250 wp-block-columns-is-layout-flex\" style=\"margin-top:0px;margin-bottom:0px;padding-bottom:44px\">\n<div class=\"wp-block-column is-vertically-aligned-center is-layout-flow wp-block-column-is-layout-flow\">\n<h2 class=\"wp-block-heading has-text-color has-link-color wp-elements-36350c4e9591f6954d8ad14aeed9c53d\" style=\"color:#25282e;font-size:40px\">Expositions en cours<\/h2>\n<\/div>\n\n\n\n<div class=\"wp-block-column is-vertically-aligned-center is-layout-flow wp-block-column-is-layout-flow\">\n<p class=\"has-text-align-right lienexphome2 has-text-color has-link-color wp-elements-ad7ac121076306fcf98e092f07f805d3\" style=\"color:#999999;font-size:15px\"><a href=\"\/exposition\/\">Voir toutes nos expositions<\/a><\/p>\n<\/div>\n<\/div>\n\n\n\n<div class=\"wp-block-columns is-layout-flex wp-container-core-columns-is-layout-ce193fdf wp-block-columns-is-layout-flex\" style=\"margin-top:0px;margin-bottom:0px\">\n<div class=\"wp-block-column is-layout-flow wp-block-column-is-layout-flow\">\n<div class=\"wp-block-group is-layout-flow wp-block-group-is-layout-flow\">\n<div class=\"wp-block-cover is-light\" style=\"min-height:268px;aspect-ratio:unset;\"><img decoding=\"async\" class=\"wp-block-cover__image-background wp-image-29575 size-full\" alt=\"\" src=\"https:\/\/estades.com\/wp-content\/uploads\/2025\/09\/1-1.jpg\" data-object-fit=\"cover\"\/><span aria-hidden=\"true\" class=\"wp-block-cover__background has-background-dim-0 has-background-dim\" style=\"background-color:#88867b\"><\/span><div class=\"wp-block-cover__inner-container has-global-padding is-layout-constrained wp-block-cover-is-layout-constrained\">\n<p class=\"has-text-align-center has-large-font-size\"><\/p>\n<\/div><\/div>\n\n\n\n<h3 class=\"wp-block-heading has-text-color has-link-color wp-elements-37882b1efb242ce84dff18b94962f549\" style=\"color:#25282e;padding-bottom:12px;font-size:28px\"><a href=\"\/expositions\/exposition-paris\/\">Exposition d\u2019\u00e9t\u00e9<\/a><\/h3>\n\n\n\n<p class=\"has-text-color has-link-color wp-elements-b5e702cea95d55c40b584e90a50f2dd9\" style=\"color:#777777;margin-top:0px;margin-bottom:0px;font-size:18px\">28 Juin \u2013 14 Septembre<\/p>\n<\/div>\n<\/div>\n\n\n\n<div class=\"wp-block-column is-layout-flow wp-block-column-is-layout-flow\">\n<div class=\"wp-block-group is-layout-flow wp-block-group-is-layout-flow\">\n<div class=\"wp-block-cover is-light\" style=\"min-height:268px;aspect-ratio:unset;\"><img decoding=\"async\" class=\"wp-block-cover__image-background wp-image-29576 size-full\" alt=\"\" src=\"https:\/\/estades.com\/wp-content\/uploads\/2025\/09\/2-1.jpg\" data-object-fit=\"cover\"\/><span aria-hidden=\"true\" class=\"wp-block-cover__background has-background-dim-0 has-background-dim\" style=\"background-color:#9f908a\"><\/span><div class=\"wp-block-cover__inner-container has-global-padding is-layout-constrained wp-block-cover-is-layout-constrained\">\n<p class=\"has-text-align-center has-large-font-size\"><\/p>\n<\/div><\/div>\n\n\n\n<h3 class=\"wp-block-heading has-text-color has-link-color wp-elements-e3c9906b5f00400788dd05ca1cea80f6\" style=\"color:#25282e;padding-bottom:12px;font-size:28px\"><a href=\"\/expositions\/exposition-lyon\/\">Un \u00e9t\u00e9 \u00e0 la galerie<\/a><\/h3>\n\n\n\n<p class=\"has-text-color has-link-color wp-elements-fc3641b2c6b23944600daf0779db31fa\" style=\"color:#777777;margin-top:0px;margin-bottom:0px;font-size:17px\">05 Juillet \u2013 27 Septembre<\/p>\n<\/div>\n<\/div>\n\n\n\n<div class=\"wp-block-column is-layout-flow wp-block-column-is-layout-flow\">\n<div class=\"wp-block-group is-layout-flow wp-block-group-is-layout-flow\">\n<div class=\"wp-block-cover\" style=\"min-height:268px;aspect-ratio:unset;\"><img decoding=\"async\" class=\"wp-block-cover__image-background wp-image-29577 size-full\" alt=\"\" src=\"https:\/\/estades.com\/wp-content\/uploads\/2025\/09\/3-1.jpg\" data-object-fit=\"cover\"\/><span aria-hidden=\"true\" class=\"wp-block-cover__background has-background-dim-0 has-background-dim\" style=\"background-color:#826958\"><\/span><div class=\"wp-block-cover__inner-container has-global-padding is-layout-constrained wp-block-cover-is-layout-constrained\">\n<p class=\"has-text-align-center has-large-font-size\"><\/p>\n<\/div><\/div>\n\n\n\n<h3 class=\"wp-block-heading has-text-color has-link-color wp-elements-9116a32ad19e1cbcd0c4b1c3d1e78e2b\" style=\"color:#25282e;padding-bottom:12px;font-size:28px\"><a href=\"\/expositions\/exposition-toulon\/\">Thierry Loul\u00e9<\/a><\/h3>\n\n\n\n<p class=\"has-text-color has-link-color wp-elements-ad27a8aa781c3bc7e6b49207330a8741\" style=\"color:#777777;margin-top:0px;margin-bottom:0px;font-size:17px\">13 Septembre \u2013 31 Octobre<\/p>\n<\/div>\n<\/div>\n<\/div>\n<\/div>\n\n\n\n<div class=\"wp-block-group bloc55 espacementTB has-global-padding is-layout-constrained wp-block-group-is-layout-constrained\" style=\"margin-top:0px;margin-bottom:0px;padding-top:0px;padding-bottom:0px\">\n<div class=\"wp-block-group bloc5 espacementTB has-background has-global-padding is-layout-constrained wp-container-core-group-is-layout-5802dc22 wp-block-group-is-layout-constrained\" style=\"background-color:#f7f7f7;padding-top:90px;padding-right:50px;padding-bottom:90px;padding-left:50px\">\n<div class=\"wp-block-columns are-vertically-aligned-center parag is-layout-flex wp-container-core-columns-is-layout-3e1aeaa6 wp-block-columns-is-layout-flex\">\n<div class=\"wp-block-column is-vertically-aligned-center video-home is-layout-flow wp-block-column-is-layout-flow\" style=\"flex-basis:42%\">\n<iframe loading=\"lazy\" width=\"500\" height=\"376\" src=\"https:\/\/www.youtube.com\/embed\/SvVNN_byVok\" title=\"La galerie du Chat \u00e0 Waterloo\" frameborder=\"0\" allow=\"accelerometer; autoplay; clipboard-write; encrypted-media; gyroscope; picture-in-picture; web-share\" referrerpolicy=\"strict-origin-when-cross-origin\" allowfullscreen><\/iframe>\n<\/div>\n\n\n\n<div class=\"wp-block-column is-vertically-aligned-center part-text is-layout-flow wp-block-column-is-layout-flow\">\n<h2 class=\"wp-block-heading has-text-color has-link-color wp-elements-493d0cfdef4e0d5604ae51d5d50d0295\" style=\"color:#25282e;font-size:40px\">Le Chat sous toutes ses coutures<\/h2>\n\n\n\n<p class=\"has-text-color has-link-color wp-elements-b6b6ee569763919dea3eaf2a153f7e18\" style=\"color:#777777;margin-top:21px;font-size:17px;line-height:1.5\">Muzze art &amp; history museum is committed to producing distinctive exhibitions and public programming on historical contemporary Japanese and Asian art.<\/p>\n\n\n\n<p class=\"has-text-color has-link-color wp-elements-5cb341dcd6805144b7100cf7ad62cfee\" style=\"color:#777777;font-size:17px;line-height:1.5\">The museum was founded in 1950, it owned not a single work of art through the combined efforts of generations of curators, researchers, and collectors, our collection has grown to represent more than one thousand years of art from across the world.<\/p>\n\n\n\n<div class=\"wp-block-buttons btartistes is-content-justification-left is-layout-flex wp-container-core-buttons-is-layout-fc4fd283 wp-block-buttons-is-layout-flex\" style=\"border-radius:0px\">\n<div class=\"wp-block-button is-style-outline is-style-outline--3\"><a class=\"wp-block-button__link has-border-color has-custom-font-size wp-element-button\" href=\"#\" style=\"border-color:#e5e5e5;border-width:2px;border-radius:0px;padding-top:13px;padding-right:40px;padding-bottom:13px;padding-left:40px;font-size:17px\">Lire la suite<\/a><\/div>\n<\/div>\n<\/div>\n<\/div>\n<\/div>\n<\/div>\n\n\n\n<div class=\"wp-block-group has-global-padding is-layout-constrained wp-block-group-is-layout-constrained\" style=\"margin-top:0px;margin-bottom:0px;padding-top:0px;padding-bottom:0px\">\n<div class=\"wp-block-group bloc6 espacementTB1 has-global-padding is-layout-constrained wp-block-group-is-layout-constrained\" style=\"border-bottom-color:#eeeeee;border-bottom-width:1px;padding-top:90px;padding-bottom:90px\">\n<h2 class=\"wp-block-heading has-text-align-center has-text-color has-link-color wp-elements-027d66a5ee71dad9d64393f78abd1446\" style=\"color:#25282e;padding-bottom:40px;font-size:40px\">Nos derni\u00e8res actualit\u00e9s<\/h2>\n\n\n\n<div class=\"wp-block-columns is-layout-flex wp-container-core-columns-is-layout-89348574 wp-block-columns-is-layout-flex\" style=\"margin-top:0px;margin-bottom:0px\">\n<div class=\"wp-block-column animated slideInUp is-layout-flow wp-block-column-is-layout-flow\">\n<div class=\"wp-block-cover is-light\" style=\"min-height:400px;aspect-ratio:unset;\"><img decoding=\"async\" class=\"wp-block-cover__image-background wp-image-205 size-large\" alt=\"\" src=\"https:\/\/estades.com\/wp-content\/uploads\/2025\/09\/Buffet-Japonaises-lithographie-73x52_1-min-774x1024.jpg\" data-object-fit=\"cover\"\/><span aria-hidden=\"true\" class=\"wp-block-cover__background has-background-dim-0 has-background-dim\" style=\"background-color:#9cb1ad\"><\/span><div class=\"wp-block-cover__inner-container has-global-padding is-layout-constrained wp-block-cover-is-layout-constrained\">\n<p class=\"has-text-align-center has-large-font-size\"><\/p>\n<\/div><\/div>\n<\/div>\n\n\n\n<div class=\"wp-block-column animated slideInUp slow is-layout-flow wp-block-column-is-layout-flow\">\n<div class=\"wp-block-cover\" style=\"min-height:400px;aspect-ratio:unset;\"><img decoding=\"async\" class=\"wp-block-cover__image-background wp-image-207 size-full\" alt=\"\" src=\"https:\/\/estades.com\/wp-content\/uploads\/2025\/09\/Capture-decran-2025-04-07-083701.jpg\" data-object-fit=\"cover\"\/><span aria-hidden=\"true\" class=\"wp-block-cover__background has-background-dim-0 has-background-dim\" style=\"background-color:#9b736c\"><\/span><div class=\"wp-block-cover__inner-container has-global-padding is-layout-constrained wp-block-cover-is-layout-constrained\">\n<p class=\"has-text-align-center has-large-font-size\"><\/p>\n<\/div><\/div>\n<\/div>\n\n\n\n<div class=\"wp-block-column animated slideInUp slower is-layout-flow wp-block-column-is-layout-flow\">\n<div class=\"wp-block-cover\" style=\"min-height:400px;aspect-ratio:unset;\"><img decoding=\"async\" class=\"wp-block-cover__image-background wp-image-225 size-large\" alt=\"\" src=\"https:\/\/estades.com\/wp-content\/uploads\/2025\/09\/VENARD-Claude-Colombine-130-x-162-cm-1024x841.jpg\" data-object-fit=\"cover\"\/><span aria-hidden=\"true\" class=\"wp-block-cover__background has-background-dim-0 has-background-dim\" style=\"background-color:#807771\"><\/span><div class=\"wp-block-cover__inner-container has-global-padding is-layout-constrained wp-block-cover-is-layout-constrained\">\n<p class=\"has-text-align-center has-large-font-size\"><\/p>\n<\/div><\/div>\n<\/div>\n<\/div>\n\n\n\n<div class=\"wp-block-columns is-layout-flex wp-container-core-columns-is-layout-f568d98b wp-block-columns-is-layout-flex\" style=\"margin-top:0px;margin-bottom:0px;padding-top:0%\">\n<div class=\"wp-block-column is-vertically-aligned-stretch blog-text animated slideInUp has-base-2-background-color has-background is-layout-flow wp-block-column-is-layout-flow\">\n<p class=\"has-text-color has-link-color wp-elements-5cacff525fcbb74eaacc7d870a985c94\" style=\"color:#777777;margin-top:0px;margin-bottom:0px;padding-top:33px;padding-bottom:12px;font-size:17px\">11 avril 2025<\/p>\n\n\n\n<h3 class=\"wp-block-heading has-text-color has-link-color wp-elements-2bd3e9dc39b74a733c5e2a4fcbda024f\" style=\"color:#25282e;margin-top:0px;margin-bottom:0px;font-size:28px\"><a href=\"\/actualite\/exposition-virtuelle-japon-heritage-et-renouveau\/\">Exposition virtuelle \u00ab Japon, h\u00e9ritage et renouveau \u00bb<\/a><\/h3>\n\n\n\n<p class=\"has-text-color has-link-color wp-elements-4a2aba30c837bbc8b8976c6767ce93f9\" style=\"color:#777777;margin-top:0px;margin-bottom:0px;padding-top:28px;padding-bottom:28px;font-size:17px\">https:\/\/artspaces.kunstmatrix.com\/en\/exhibition\/14125352\/japon-heritage-et-renouveau?check_logged_in=1<\/p>\n\n\n\n<p class=\"bt-actu has-text-color has-link-color wp-elements-fb358bf32179e47e9a0636f844c7b281\" style=\"color:#25282e;margin-top:0px;margin-bottom:0px;text-transform:uppercase\"><a href=\"https:\/\/estades.com\/actualite\/exposition-virtuelle-japon-heritage-et-renouveau\/\">lire la suite<\/a><\/p>\n<\/div>\n\n\n\n<div class=\"wp-block-column is-vertically-aligned-stretch blog-text animated slideInUp has-base-2-background-color has-background is-layout-flow wp-block-column-is-layout-flow\">\n<p class=\"has-text-color has-link-color wp-elements-b146f5e197dc8307feb95bf701c67f99\" style=\"color:#777777;margin-top:0px;margin-bottom:0px;padding-top:33px;padding-bottom:12px;font-size:17px\">7 avril 2025<\/p>\n\n\n\n<h3 class=\"wp-block-heading has-text-color has-link-color wp-elements-3091244e775eb531451c4c17d4987fd6\" style=\"color:#25282e;margin-top:0px;margin-bottom:0px;font-size:28px\"><a href=\"\/actualite\/antibes-art-fair-du-12-au-21-avril-2025\/\">ANTIBES ART FAIR du 12 au 21 avril 2025<\/a><\/h3>\n\n\n\n<p class=\"has-text-color has-link-color wp-elements-7d1b9864f4120d24d70d91e4bc28568c\" style=\"color:#777777;margin-top:0px;margin-bottom:0px;padding-top:28px;padding-bottom:28px;font-size:17px\">La Galerie Estades sera pr\u00e9sente \u00e0 la 53\u00e8me \u00e9dition du salon d\u2019antiquit\u00e9s et d\u2019art moderne d\u2019Antibes&#8230;<\/p>\n\n\n\n<p class=\"bt-actu has-text-color has-link-color wp-elements-14787cdec430f2ea7f56fa3ff79342d8\" style=\"color:#25282e;margin-top:0px;margin-bottom:0px;text-transform:uppercase\"><a href=\"https:\/\/estades.com\/actualite\/antibes-art-fair-du-12-au-21-avril-2025\/\">lire la suite<\/a><\/p>\n<\/div>\n\n\n\n<div class=\"wp-block-column is-vertically-aligned-stretch blog-text animated slideInUp has-base-2-background-color has-background is-layout-flow wp-block-column-is-layout-flow\">\n<p class=\"has-text-color has-link-color wp-elements-d3c5b2db88544f26b23fcafe4af0491e\" style=\"color:#777777;margin-top:0px;margin-bottom:0px;padding-top:33px;padding-bottom:12px;font-size:17px\">19 janvier 2024<\/p>\n\n\n\n<h3 class=\"wp-block-heading has-text-color has-link-color wp-elements-0e8845030475b9d1e47bd7e2fa34a945\" style=\"color:#25282e;margin-top:0px;margin-bottom:0px;font-size:28px\"><a href=\"\/actualite\/exposition-virtuelle-japon-heritage-et-renouveau\/\">Exposition virtuelle Claude VENARD<\/a><\/h3>\n\n\n\n<p class=\"has-text-color has-link-color wp-elements-0e35aa3919521dce57b86146118bd4bf\" style=\"color:#777777;margin-top:0px;margin-bottom:0px;padding-top:28px;padding-bottom:28px;font-size:17px\">https:\/\/artspaces.kunstmatrix.com\/en\/exhibition\/12629466\/claude-venard<\/p>\n\n\n\n<p class=\"bt-actu has-text-color has-link-color wp-elements-c718fe2666d9e557153121edb71f26b3\" style=\"color:#25282e;margin-top:0px;margin-bottom:0px;text-transform:uppercase\"><a href=\"https:\/\/estades.com\/actualite\/exposition-virtuelle-claude-venard\/\">lire la suite<\/a><\/p>\n<\/div>\n<\/div>\n<\/div>\n<\/div>\n\n\n\n<div class=\"wp-block-group bloc7 espacementTB has-global-padding is-layout-constrained wp-block-group-is-layout-constrained\" style=\"padding-top:90px\">\n<h2 class=\"wp-block-heading has-text-align-center has-text-color has-link-color wp-elements-07c7f50904ad7e3fd75c2a5047c6b5ad\" style=\"color:#25282e;padding-bottom:38px;font-size:40px\">Nos adresses<\/h2>\n\n\n\n<div class=\"wp-block-columns is-layout-flex wp-container-core-columns-is-layout-8d7d7b25 wp-block-columns-is-layout-flex\" style=\"margin-top:0px;margin-bottom:0px;padding-top:10px\">\n<div class=\"wp-block-column has-border-color is-layout-flow wp-block-column-is-layout-flow\" style=\"border-color:#e5e5e5;border-width:1px\">\n<figure class=\"wp-block-image size-full\"><img decoding=\"async\" src=\"https:\/\/estades.com\/wp-content\/uploads\/2025\/09\/galerie-estades-paris-0.jpg\" alt=\"\" class=\"wp-image-29262\"\/><\/figure>\n\n\n\n<div class=\"wp-block-group reduit-esp has-global-padding is-layout-constrained wp-container-core-group-is-layout-6a22a296 wp-block-group-is-layout-constrained\" style=\"padding-top:20px;padding-right:40px;padding-bottom:40px;padding-left:40px\">\n<h3 class=\"wp-block-heading has-text-align-center has-text-color has-link-color wp-elements-5137a4bdefeb08c8a790c43a6d3be72e\" style=\"color:#25282e;font-size:24px;text-transform:uppercase\">Paris<\/h3>\n\n\n\n<p class=\"has-text-align-center has-text-color has-link-color wp-elements-f987326e95ee9d84b93a0d42b06fe890\" style=\"color:#777777;margin-top:2px;margin-bottom:13px;font-size:16px\">Du Lundi au Dimanche<br>de 11h \u00e0 13h et de 14h30 \u00e0 19h<\/p>\n\n\n\n<p class=\"has-text-align-center has-text-color has-link-color wp-elements-c917a94d4dc50cccd47a006c35481a10\" style=\"color:#555555;margin-bottom:24px;font-size:16px\"><i class=\"bi bi-geo-alt-fill\"><\/i> 17, place des Vosges, 75004 PARIS<\/p>\n\n\n\n<div class=\"wp-block-buttons btartistes is-content-justification-center is-layout-flex wp-container-core-buttons-is-layout-a89b3969 wp-block-buttons-is-layout-flex\" style=\"border-radius:0px\">\n<div class=\"wp-block-button is-style-outline is-style-outline--4\"><a class=\"wp-block-button__link has-text-color has-link-color has-border-color has-custom-font-size wp-element-button\" href=\"https:\/\/www.google.com\/maps\/place\/Galerie+Estades\/@48.8560118,2.3597629,742m\/data=!3m2!1e3!4b1!4m6!3m5!1s0x47e66e0028c09027:0x930e22ac8c008449!8m2!3d48.8560084!4d2.3646338!16s%2Fg%2F1tdfg_hr?entry=ttu&amp;g_ep=EgoyMDI1MDkxNS4wIKXMDSoASAFQAw%3D%3D\" style=\"border-color:#e5e5e5;border-width:2px;border-radius:0px;color:#131313;padding-top:8px;padding-right:22px;padding-bottom:8px;padding-left:22px;font-size:15px\" target=\"_blank\" rel=\"noreferrer noopener\">Planifiez votre visite<\/a><\/div>\n<\/div>\n<\/div>\n<\/div>\n\n\n\n<div class=\"wp-block-column has-border-color is-layout-flow wp-block-column-is-layout-flow\" style=\"border-color:#e5e5e5;border-width:1px\">\n<figure class=\"wp-block-image size-full\"><img decoding=\"async\" src=\"https:\/\/estades.com\/wp-content\/uploads\/2025\/09\/xx.jpg\" alt=\"\" class=\"wp-image-29279\"\/><\/figure>\n\n\n\n<div class=\"wp-block-group reduit-esp has-global-padding is-layout-constrained wp-container-core-group-is-layout-6a22a296 wp-block-group-is-layout-constrained\" style=\"padding-top:20px;padding-right:40px;padding-bottom:40px;padding-left:40px\">\n<h3 class=\"wp-block-heading has-text-align-center has-text-color has-link-color wp-elements-966ee0324ede0c73891d4060e676e5d7\" style=\"color:#25282e;font-size:24px;text-transform:uppercase\">Lyon<\/h3>\n\n\n\n<p class=\"has-text-align-center has-text-color has-link-color wp-elements-8abb2450eb4eab3bd0bab8f8502dbd97\" style=\"color:#777777;margin-top:2px;margin-bottom:13px;font-size:16px\">Du Mardi au Samedi<br>de 10h \u00e0 13h et de 14h \u00e0 19h<\/p>\n\n\n\n<p class=\"has-text-align-center has-text-color has-link-color wp-elements-c4f7453fe7f86973fbd00f139a20be63\" style=\"color:#555555;margin-bottom:24px;font-size:16px\"><i class=\"bi bi-geo-alt-fill\"><\/i> 61, quai Saint Vincent, 69001 LYON<\/p>\n\n\n\n<div class=\"wp-block-buttons btartistes is-content-justification-center is-layout-flex wp-container-core-buttons-is-layout-0e9b4367 wp-block-buttons-is-layout-flex\" style=\"border-radius:0px;padding-top:0%;padding-bottom:0%\">\n<div class=\"wp-block-button is-style-outline is-style-outline--5\"><a class=\"wp-block-button__link has-text-color has-link-color has-border-color has-custom-font-size wp-element-button\" href=\"https:\/\/www.google.com\/maps\/place\/Galerie+Estades\/@45.7671197,4.8271971,786m\/data=!3m2!1e3!4b1!4m6!3m5!1s0x47f4eb01d9f0902f:0xb6104e43e478970c!8m2!3d45.767116!4d4.829772!16s%2Fg%2F1tfy_gkn?entry=ttu&amp;g_ep=EgoyMDI1MDkxNS4wIKXMDSoASAFQAw%3D%3D\" style=\"border-color:#e5e5e5;border-width:2px;border-radius:0px;color:#131313;padding-top:8px;padding-right:22px;padding-bottom:8px;padding-left:22px;font-size:15px\" target=\"_blank\" rel=\"noreferrer noopener\">Planifiez votre visite<\/a><\/div>\n<\/div>\n<\/div>\n<\/div>\n\n\n\n<div class=\"wp-block-column has-border-color is-layout-flow wp-block-column-is-layout-flow\" style=\"border-color:#e5e5e5;border-width:1px\">\n<figure class=\"wp-block-image size-full\"><img decoding=\"async\" src=\"https:\/\/estades.com\/wp-content\/uploads\/2025\/09\/xxx2.jpg\" alt=\"\" class=\"wp-image-29280\"\/><\/figure>\n\n\n\n<div class=\"wp-block-group reduit-esp has-global-padding is-layout-constrained wp-container-core-group-is-layout-6a22a296 wp-block-group-is-layout-constrained\" style=\"padding-top:20px;padding-right:40px;padding-bottom:40px;padding-left:40px\">\n<h3 class=\"wp-block-heading has-text-align-center has-text-color has-link-color wp-elements-5c845e476e2e3a9d6eba5400954526e7\" style=\"color:#25282e;font-size:24px;text-transform:uppercase\">Toulon<\/h3>\n\n\n\n<p class=\"has-text-align-center has-text-color has-link-color wp-elements-f987326e95ee9d84b93a0d42b06fe890\" style=\"color:#777777;margin-top:2px;margin-bottom:13px;font-size:16px\">Du Lundi au Dimanche<br>de 11h \u00e0 13h et de 14h30 \u00e0 19h<\/p>\n\n\n\n<p class=\"has-text-align-center has-text-color has-link-color wp-elements-d384b0695be96967ab5eaa00751ef46d\" style=\"color:#555555;margin-bottom:24px;font-size:16px\"><i class=\"bi bi-geo-alt-fill\"><\/i> 18, rue Henri Seillon, 83000 TOULON<\/p>\n\n\n\n<div class=\"wp-block-buttons btartistes is-content-justification-center is-layout-flex wp-container-core-buttons-is-layout-a89b3969 wp-block-buttons-is-layout-flex\" style=\"border-radius:0px\">\n<div class=\"wp-block-button is-style-outline is-style-outline--6\"><a class=\"wp-block-button__link has-text-color has-link-color has-border-color has-custom-font-size wp-element-button\" href=\"https:\/\/www.google.com\/maps\/place\/Galerie+Estades\/@43.1205265,5.9300895,823m\/data=!3m2!1e3!4b1!4m6!3m5!1s0x12c91b0da97fbad7:0x2b2a0fac88161227!8m2!3d43.1205226!4d5.9326644!16s%2Fg%2F1tjvt2zs?entry=ttu&amp;g_ep=EgoyMDI1MDkxNS4wIKXMDSoASAFQAw%3D%3D\" style=\"border-color:#e5e5e5;border-width:2px;border-radius:0px;color:#131313;padding-top:8px;padding-right:22px;padding-bottom:8px;padding-left:22px;font-size:15px\" target=\"_blank\" rel=\"noreferrer noopener\">Planifiez votre visite<\/a><\/div>\n<\/div>\n<\/div>\n<\/div>\n<\/div>\n<\/div>\n\n\n\n<div id=\"temoignage\" class=\"wp-block-group bloc9 espacementTB has-global-padding is-layout-constrained wp-block-group-is-layout-constrained\" style=\"padding-top:3%;padding-bottom:5%\">\n<h2 class=\"wp-block-heading has-text-align-center has-text-color has-link-color wp-elements-aaec19d4b0152dcfc378175808c388e5\" style=\"color:#25282e;padding-bottom:40px;font-size:40px\">Nos clients parlent de nous<\/h2>\n\n\n\n<p>ici module<\/p>\n\n\n\n<div class=\"wp-block-gutenberg-custom3-carousel-text-medialab owl-carousel text-carousel owl-theme\" owl-items=\"2\"><div class=\"item text-center\"><div class=\"accordiontext-title\">Pr\u00e9nom NOM<\/div><div class=\"accordiontext-content\"><strong>Lorem Ipsum<\/strong>\u00a0is simply dummy text of the printing and typesetting industry. Lorem Ipsum has been the industry&#8217;s standard dummy text ever since the 1500s, when an unknown printer took a galley of type and scrambled it to make a type specimen book. It has survived not only five centuries, but also the leap into electronic typesetting<\/div><\/div><div class=\"item text-center\"><div class=\"accordiontext-title\">Pr\u00e9nom NOM<\/div><div class=\"accordiontext-content\"><strong>Lorem Ipsum<\/strong>\u00a0is simply dummy text of the printing and typesetting industry. Lorem Ipsum has been the industry&#8217;s standard dummy text ever since the 1500s, when an unknown printer took a galley of type and scrambled it to make a type specimen book. It has survived not only five centuries, but also the leap into electronic typesetting<\/div><\/div><div class=\"item text-center\"><div class=\"accordiontext-title\">Pr\u00e9nom NOM<\/div><div class=\"accordiontext-content\"><strong>Lorem Ipsum<\/strong>\u00a0is simply dummy text of the printing and typesetting industry. Lorem Ipsum has been the industry&#8217;s standard dummy text ever since the 1500s, when an unknown printer took a galley of type and scrambled it to make a type specimen book. It has survived not only five centuries, but also the leap into electronic typesetting<\/div><\/div><div class=\"item text-center\"><div class=\"accordiontext-title\">Pr\u00e9nom NOM<\/div><div class=\"accordiontext-content\"><strong>Lorem Ipsum<\/strong>\u00a0is simply dummy text of the printing and typesetting industry. Lorem Ipsum has been the industry&#8217;s standard dummy text ever since the 1500s, when an unknown printer took a galley of type and scrambled it to make a type specimen book. It has survived not only five centuries, but also the leap into electronic typesetting<\/div><\/div><\/div>\n\n\n\n<div class=\"wp-block-columns is-layout-flex wp-container-core-columns-is-layout-658170e2 wp-block-columns-is-layout-flex\">\n<div class=\"wp-block-column col11 is-layout-flow wp-block-column-is-layout-flow\" style=\"padding-top:30px;padding-right:30px;padding-bottom:30px;padding-left:30px\">\n<figure class=\"wp-block-image size-full\"><img decoding=\"async\" src=\"https:\/\/estades.com\/wp-content\/uploads\/2025\/11\/icon-citation.jpg\" alt=\"\" class=\"wp-image-32251\"\/><\/figure>\n\n\n\n<p><strong>Lorem Ipsum<\/strong>&nbsp;is simply dummy text of the printing and typesetting industry. Lorem Ipsum has been the industry&#8217;s standard dummy text ever since the 1500s, when an unknown printer took a galley of type and scrambled it to make a type specimen book. It has survived not only five centuries, but also the leap into electronic typesetting,<\/p>\n\n\n\n<p class=\"has-text-color has-link-color wp-elements-409901c3d57bbe1bb460a3665c328420\" style=\"color:#25282e\"><strong>Pr\u00e9nom NOM<\/strong><\/p>\n<\/div>\n\n\n\n<div class=\"wp-block-column col11 is-layout-flow wp-block-column-is-layout-flow\" style=\"padding-top:30px;padding-right:30px;padding-bottom:30px;padding-left:30px\">\n<figure class=\"wp-block-image size-full\"><img decoding=\"async\" src=\"https:\/\/estades.com\/wp-content\/uploads\/2025\/11\/icon-citation.jpg\" alt=\"\" class=\"wp-image-32251\"\/><\/figure>\n\n\n\n<p><strong>Lorem Ipsum<\/strong>&nbsp;is simply dummy text of the printing and typesetting industry. Lorem Ipsum has been the industry&#8217;s standard dummy text ever since the 1500s, when an unknown printer took a galley of type and scrambled it to make a type specimen book. It has survived not only five centuries, but also the leap into electronic typesetting,<\/p>\n\n\n\n<p class=\"has-text-color has-link-color wp-elements-409901c3d57bbe1bb460a3665c328420\" style=\"color:#25282e\"><strong>Pr\u00e9nom NOM<\/strong><\/p>\n<\/div>\n\n\n\n<div class=\"wp-block-column col11 is-layout-flow wp-block-column-is-layout-flow\" style=\"padding-top:30px;padding-right:30px;padding-bottom:30px;padding-left:30px\">\n<figure class=\"wp-block-image size-full\"><img decoding=\"async\" src=\"https:\/\/estades.com\/wp-content\/uploads\/2025\/11\/icon-citation.jpg\" alt=\"\" class=\"wp-image-32251\"\/><\/figure>\n\n\n\n<p><strong>Lorem Ipsum<\/strong>&nbsp;is simply dummy text of the printing and typesetting industry. Lorem Ipsum has been the industry&#8217;s standard dummy text ever since the 1500s, when an unknown printer took a galley of type and scrambled it to make a type specimen book. It has survived not only five centuries, but also the leap into electronic typesetting,<\/p>\n\n\n\n<p class=\"has-text-color has-link-color wp-elements-409901c3d57bbe1bb460a3665c328420\" style=\"color:#25282e\"><strong>Pr\u00e9nom NOM<\/strong><\/p>\n<\/div>\n<\/div>\n<\/div>\n","protected":false},"excerpt":{"rendered":"<p>Depuis plus de 30 ans, Michel Estades est marchand d\u2019art et expert en Ma\u00eetres modernes et en Art figuratif contemporain, des ann\u00e9es 1950 \u00e0 nos jours. Michel Estades, le sp\u00e9cialiste des \u0153uvres de Bernard BUFFET La Galerie Estades est sp\u00e9cialiste&#8230;<\/p>\n","protected":false},"author":1,"featured_media":0,"parent":0,"menu_order":0,"comment_status":"closed","ping_status":"closed","template":"","meta":{"footnotes":""},"class_list":["post-29283","page","type-page","status-publish","hentry"],"aioseo_notices":[],"_links":{"self":[{"href":"https:\/\/www.estades.com\/en\/wp-json\/wp\/v2\/pages\/29283","targetHints":{"allow":["GET"]}}],"collection":[{"href":"https:\/\/www.estades.com\/en\/wp-json\/wp\/v2\/pages"}],"about":[{"href":"https:\/\/www.estades.com\/en\/wp-json\/wp\/v2\/types\/page"}],"author":[{"embeddable":true,"href":"https:\/\/www.estades.com\/en\/wp-json\/wp\/v2\/users\/1"}],"replies":[{"embeddable":true,"href":"https:\/\/www.estades.com\/en\/wp-json\/wp\/v2\/comments?post=29283"}],"version-history":[{"count":5,"href":"https:\/\/www.estades.com\/en\/wp-json\/wp\/v2\/pages\/29283\/revisions"}],"predecessor-version":[{"id":32273,"href":"https:\/\/www.estades.com\/en\/wp-json\/wp\/v2\/pages\/29283\/revisions\/32273"}],"wp:attachment":[{"href":"https:\/\/www.estades.com\/en\/wp-json\/wp\/v2\/media?parent=29283"}],"curies":[{"name":"wp","href":"https:\/\/api.w.org\/{rel}","templated":true}]}}